{"id":1594,"date":"2025-05-14T16:16:46","date_gmt":"2025-05-14T13:16:46","guid":{"rendered":"https:\/\/dainavafest.lt\/?post_type=tribe_events&#038;p=1594"},"modified":"2025-06-02T11:28:18","modified_gmt":"2025-06-02T08:28:18","slug":"festivalio-atidarymas-kauno-miesto-simfoninis-orkestras","status":"publish","type":"tribe_events","link":"https:\/\/dainavafest.lt\/en\/renginiai\/festivalio-atidarymas-kauno-miesto-simfoninis-orkestras\/","title":{"rendered":"FESTIVALIO ATIDARYMAS. Kauno miesto simfoninis orkestras"},"content":{"rendered":"<div  class=\"tribe-events-schedule tribe-clearfix\" >\n\t<p class=\"tribe-events-schedule__datetime\">\n\t\t<span class=\"tribe-events-schedule__date tribe-events-schedule__date--start\">\n\t\t\t2025 1 June\t\t<\/span>\n\n\t\t\t\t\t<span class=\"tribe-events-schedule__separator tribe-events-schedule__separator--date\">\n\t\t\t\t @ \t\t\t<\/span>\n\t\t\t<span class=\"tribe-events-schedule__time tribe-events-schedule__time--start\">\n\t\t\t\t18:00\t\t\t<\/span>\n\t\t\n\t\t\t\t\t\t\t\t\t<span class=\"tribe-events-schedule__separator tribe-events-schedule__separator--time\">\n\t\t\t\t\t &#8211; \t\t\t\t<\/span>\n\t\t\t\n\t\t\t\t\t\t\t<span class=\"tribe-events-schedule__time tribe-events-schedule__time--end\">\n\t\t\t\t\t19:00\t\t\t\t<\/span>\n\t\t\t\n\t\t\t\t\t\t<\/p>\n<\/div>\n\n\n\n<figure class=\"wp-block-image is-resized\"><img loading=\"lazy\" decoding=\"async\" width=\"2560\" height=\"1707\" src=\"https:\/\/dainavafest.lt\/wp-content\/uploads\/2025\/05\/Kauno-miesto-simfoninis-orkestras-Nuotr.-Jono-Danieleviciaus-1-scaled.jpg\" alt=\"\" class=\"wp-image-1632\" style=\"width:958px;height:auto\" srcset=\"https:\/\/dainavafest.lt\/wp-content\/uploads\/2025\/05\/Kauno-miesto-simfoninis-orkestras-Nuotr.-Jono-Danieleviciaus-1-scaled.jpg 2560w, https:\/\/dainavafest.lt\/wp-content\/uploads\/2025\/05\/Kauno-miesto-simfoninis-orkestras-Nuotr.-Jono-Danieleviciaus-1-300x200.jpg 300w, https:\/\/dainavafest.lt\/wp-content\/uploads\/2025\/05\/Kauno-miesto-simfoninis-orkestras-Nuotr.-Jono-Danieleviciaus-1-1024x683.jpg 1024w, https:\/\/dainavafest.lt\/wp-content\/uploads\/2025\/05\/Kauno-miesto-simfoninis-orkestras-Nuotr.-Jono-Danieleviciaus-1-768x512.jpg 768w, https:\/\/dainavafest.lt\/wp-content\/uploads\/2025\/05\/Kauno-miesto-simfoninis-orkestras-Nuotr.-Jono-Danieleviciaus-1-1536x1024.jpg 1536w, https:\/\/dainavafest.lt\/wp-content\/uploads\/2025\/05\/Kauno-miesto-simfoninis-orkestras-Nuotr.-Jono-Danieleviciaus-1-2048x1366.jpg 2048w, https:\/\/dainavafest.lt\/wp-content\/uploads\/2025\/05\/Kauno-miesto-simfoninis-orkestras-Nuotr.-Jono-Danieleviciaus-1-18x12.jpg 18w\" sizes=\"(max-width: 2560px) 100vw, 2560px\" \/><\/figure>\n\n\n\n<p>Festivalio atidarymo koncerte <strong>Alytaus kult\u016bros centro did\u017eiojoje sal\u0117je<\/strong> skamb\u0117s KAUNO MIESTO SIMFONINIS ORKESTRAS.<br><strong>20-me\u010dio sukakt\u012f minintis Kauno miesto simfoninis orkestras (KMSO)<\/strong> \u2013 neatsiejama Kauno ir \u0161alies kult\u016brinio gyvenimo dalis. Taip pat modernus ir puosel\u0117jantis klasikin\u0119 bei \u0161iuolaikin\u0119 muzik\u0105 Lietuvos orkestras, aktyviai dalyvaujantis Pasaulio muzikiniame gyvenime.<br>Kauno miesto simfoninis orkestras i\u0161augo i\u0161 1988 metais \u012fkurto Kauno kamerinio orkestro, kuriam nuo 2000 m. vadovauja Algimantas Treikauskas. Orkestro vyriausiasis dirigentas keturi\u0173 presti\u017eini\u0173 \u201eGrammy\u201c muzikos apdovanojim\u0173 nominantas maestro Constantine\u2018as Orbelian\u2018as (JAV).<br>Orkestras koncertuoja ne tik Lietuvoje, bet yra sureng\u0119s koncertines gastroles Latvijoje, Estijoje, Norvegijoje, Italijoje, Kroatijoje, Vokietijoje, Suomijoje, \u0160veicarijoje bei kitose \u0161alyse.<br>Kolektyvas yra pasirod\u0119s su Lietuvoje bei visame pasaulyje \u017einomais dirigentais, operos solistais ir instrumentin\u0117s muzikos atlik\u0117jais.<br>Per 20 orkestro koncertini\u0173 sezon\u0173 \u012fgyvendinta daug dideli\u0173 bei reik\u0161ming\u0173 projekt\u0173, \u012f biografij\u0105 \u012fra\u0161yta nema\u017eai \u012fsimintin\u0173 ne tik klasikin\u0117s, bet ir pramogin\u0117s muzikos koncert\u0173.<br>Kauno miesto simfoninis orkestras intensyviai pl\u0117toja ne tik koncertin\u0119, bet ir leidybin\u0119 veikl\u0105.<br>Orkestro diskografij\u0105 sudaro daugiau nei dvi de\u0161imtys kompaktini\u0173 plok\u0161teli\u0173 \u012fra\u0161ytos ir i\u0161leistos bendradarbiaujant su \u017eymiausiais \u0161iandienos balsais. \u012era\u0161ai sulauk\u0117 did\u017eiulio kritik\u0173 bei publikos pripa\u017einimo. Kompkatin\u0117s plok\u0161tel\u0117s ne kart\u0105 buvo paskelbtos geriausiomis pasaulyje ir net tris kartus nominuotos presti\u017einiams \u201eGrammy\u201c bei Tarptautiniams klasikin\u0117s muzikos (ICMA) apdovanojimams.<\/p>\n\n\n\n<p>Vyr. dirigentas Constantine Orbelian (JAV), vadovas Algimantas Treikauskas<\/p>\n\n\n\n<p>Renginio ved\u0117jas &#8211; muzikologas Viktoras Gerulaitis<\/p>\n\n\n\n<p>Solist\u0117 RAMINTA VAICEKAUSKAIT\u0116 (sopranas)<\/p>\n\n\n\n<p>Dirigentas DAINIUS PAVILIONIS<\/p>\n\n\n\n<p>Koncerto programoje skamb\u0117s Mikalojaus Konstantino \u010ciurlionio ir kit\u0173 \u017eymi\u0173 Europos kompozitori\u0173 k\u016briniai.<br>Bilietus platina kakava.lt<\/p>\n\n\n<div  class=\"tribe-block tribe-block__event-price\" >\n\t\t\t<span class=\"tribe-block__event-price__cost\"> \u20ac13,40 <\/span>\n\t\t\t\t<span class=\"tribe-block__event-price__description\">https:\/\/kakava.lt\/renginys\/dainavos-salies-muzikos-festivalio-atidarymo-koncertas\/10246\/20207<\/span>\n\t<\/div>\n\n\n\n\n<div  class=\"tribe-block tribe-block__venue tribe-clearfix\" >\n\t\n\t\t\n\t<\/div>\n\n\n\n\n\t<div  class=\"tribe-block tribe-block__events-link\" >\n\t\t<div class=\"tribe-events tribe-common\">\n\t\t\t<div class=\"tribe-events-c-subscribe-dropdown__container\">\n\t\t\t\t<div class=\"tribe-events-c-subscribe-dropdown\">\n\t\t\t\t\t<div class=\"tribe-common-c-btn-border tribe-events-c-subscribe-dropdown__button\">\n\t\t\t\t\t\t<svg\n\t class=\"tribe-common-c-svgicon tribe-common-c-svgicon--cal-export tribe-events-c-subscribe-dropdown__export-icon\" \taria-hidden=\"true\"\n\tviewbox=\"0 0 23 17\"\n\txmlns=\"http:\/\/www.w3.org\/2000\/svg\"\n>\n\t<path fill-rule=\"evenodd\" clip-rule=\"evenodd\" d=\"M.128.896V16.13c0 .211.145.383.323.383h15.354c.179 0 .323-.172.323-.383V.896c0-.212-.144-.383-.323-.383H.451C.273.513.128.684.128.896Zm16 6.742h-.901V4.679H1.009v10.729h14.218v-3.336h.901V7.638ZM1.01 1.614h14.218v2.058H1.009V1.614Z\" \/>\n\t<path d=\"M20.5 9.846H8.312M18.524 6.953l2.89 2.909-2.855 2.855\" stroke-width=\"1.2\" stroke-linecap=\"round\" stroke-linejoin=\"round\"\/>\n<\/svg>\n\t\t\t\t\t\t<button\n\t\t\t\t\t\t\tclass=\"tribe-events-c-subscribe-dropdown__button-text\"\n\t\t\t\t\t\t\taria-expanded=\"false\"\n\t\t\t\t\t\t\taria-controls=\"tribe-events-subscribe-dropdown-content\"\n\t\t\t\t\t\t\taria-label=\"View links to add events to your calendar\"\n\t\t\t\t\t\t>\n\t\t\t\t\t\t\tAdd to calendar\t\t\t\t\t\t<\/button>\n\t\t\t\t\t\t<svg\n\t class=\"tribe-common-c-svgicon tribe-common-c-svgicon--caret-down tribe-events-c-subscribe-dropdown__button-icon\" \taria-hidden=\"true\"\n\tviewbox=\"0 0 10 7\"\n\txmlns=\"http:\/\/www.w3.org\/2000\/svg\"\n>\n\t<path fill-rule=\"evenodd\" clip-rule=\"evenodd\" d=\"M1.008.609L5 4.6 8.992.61l.958.958L5 6.517.05 1.566l.958-.958z\" class=\"tribe-common-c-svgicon__svg-fill\"\/>\n<\/svg>\n\t\t\t\t\t<\/div>\n\t\t\t\t\t<div id=\"tribe-events-subscribe-dropdown-content\" class=\"tribe-events-c-subscribe-dropdown__content\">\n\t\t\t\t\t\t<ul class=\"tribe-events-c-subscribe-dropdown__list\">\n\t\t\t\t\t\t\t\t\t\t\t\t\t\t\t<li class=\"tribe-events-c-subscribe-dropdown__list-item tribe-events-c-subscribe-dropdown__list-item--gcal\">\n\t\t\t\t\t\t\t\t\t<a\n\t\t\t\t\t\t\t\t\t\thref=\"https:\/\/www.google.com\/calendar\/event?action=TEMPLATE&#038;dates=20250601T180000\/20250601T190000&#038;text=FESTIVALIO%20ATIDARYMAS.%20Kauno%20miesto%20simfoninis%20orkestras&#038;details=%3Cfigure+class%3D%22wp-block-image+is-resized%22%3E%3Cimg+src%3D%22https%3A%2F%2Fdainavafest.lt%2Fwp-content%2Fuploads%2F2025%2F05%2FKauno-miesto-simfoninis-orkestras-Nuotr.-Jono-Danieleviciaus-1-scaled.jpg%22+alt%3D%22%22+class%3D%22wp-image-1632%22+style%3D%22width%3A958px%3Bheight%3Aauto%22%2F%3E%3C%2Ffigure%3E%3Cp%3EFestivalio+atidarymo+koncerte+%3Cstrong%3EAlytaus+kult%C5%ABros+centro+did%C5%BEiojoje+sal%C4%97je%3C%2Fstrong%3E+skamb%C4%97s+KAUNO+MIESTO+SIMFONINIS+ORKESTRAS.%3Cbr+%2F%3E%3Cstrong%3E20-me%C4%8Dio+sukakt%C4%AF+minintis+Kauno+miesto+simfoninis+orkestras+%28KMSO%29%3C%2Fstrong%3E+%E2%80%93+neatsiejama+Kauno+ir+%C5%A1alies+kult%C5%ABrinio+gyvenimo+dalis.+Taip+pat+modernus+ir+puosel%C4%97jantis+klasikin%C4%99+bei+%C5%A1iuolaikin%C4%99+muzik%C4%85+Lietuvos+orkestras%2C+aktyviai+dalyvaujantis+Pasaulio+muzikiniame+gyvenime.%3Cbr+%2F%3EKauno+miesto+simfoninis+orkestras+i%C5%A1augo+i%C5%A1+1988+metais+%C4%AFkurto+Kauno+kamerinio+orkestro%2C+kuriam+nuo+2000+m.+vadovauja+Algimantas+Treikauskas.+Orkestro+vyriausiasis+dirigentas+keturi%C5%B3+presti%C5%BEini%C5%B3+%E2%80%9EGrammy%E2%80%9C+muzikos+apdovanojim%C5%B3+nominantas+maestro+Constantine%E2%80%98as+Orbelian%E2%80%98as+%28JAV%29.%3Cbr+%2F%3EOrkest%3C%2Fp%3E+%28View+Full+event+Description+Here%3A+https%3A%2F%2Fdainavafest.lt%2Fen%2Frenginiai%2Ffestivalio-atidarymas-kauno-miesto-simfoninis-orkestras%2F%29&#038;trp=false&#038;ctz=Europe\/Vilnius&#038;sprop=website:https:\/\/dainavafest.lt\/en\"\n\t\t\t\t\t\t\t\t\t\tclass=\"tribe-events-c-subscribe-dropdown__list-item-link\"\n\t\t\t\t\t\t\t\t\t\ttarget=\"_blank\"\n\t\t\t\t\t\t\t\t\t\trel=\"noopener noreferrer nofollow noindex\"\n\t\t\t\t\t\t\t\t\t>\n\t\t\t\t\t\t\t\t\t\tGoogle Calendar\t\t\t\t\t\t\t\t\t<\/a>\n\t\t\t\t\t\t\t\t<\/li>\n\t\t\t\t\t\t\t\t\t\t\t\t\t\t\t<li class=\"tribe-events-c-subscribe-dropdown__list-item tribe-events-c-subscribe-dropdown__list-item--ical\">\n\t\t\t\t\t\t\t\t\t<a\n\t\t\t\t\t\t\t\t\t\thref=\"\"\n\t\t\t\t\t\t\t\t\t\tclass=\"tribe-events-c-subscribe-dropdown__list-item-link\"\n\t\t\t\t\t\t\t\t\t\ttarget=\"_blank\"\n\t\t\t\t\t\t\t\t\t\trel=\"noopener noreferrer nofollow noindex\"\n\t\t\t\t\t\t\t\t\t>\n\t\t\t\t\t\t\t\t\t\tiCalendar\t\t\t\t\t\t\t\t\t<\/a>\n\t\t\t\t\t\t\t\t<\/li>\n\t\t\t\t\t\t\t\t\t\t\t\t\t\t\t<li class=\"tribe-events-c-subscribe-dropdown__list-item tribe-events-c-subscribe-dropdown__list-item--outlook-365\">\n\t\t\t\t\t\t\t\t\t<a\n\t\t\t\t\t\t\t\t\t\thref=\"\"\n\t\t\t\t\t\t\t\t\t\tclass=\"tribe-events-c-subscribe-dropdown__list-item-link\"\n\t\t\t\t\t\t\t\t\t\ttarget=\"_blank\"\n\t\t\t\t\t\t\t\t\t\trel=\"noopener noreferrer nofollow noindex\"\n\t\t\t\t\t\t\t\t\t>\n\t\t\t\t\t\t\t\t\t\tOutlook 365\t\t\t\t\t\t\t\t\t<\/a>\n\t\t\t\t\t\t\t\t<\/li>\n\t\t\t\t\t\t\t\t\t\t\t\t\t\t\t<li class=\"tribe-events-c-subscribe-dropdown__list-item tribe-events-c-subscribe-dropdown__list-item--outlook-live\">\n\t\t\t\t\t\t\t\t\t<a\n\t\t\t\t\t\t\t\t\t\thref=\"\"\n\t\t\t\t\t\t\t\t\t\tclass=\"tribe-events-c-subscribe-dropdown__list-item-link\"\n\t\t\t\t\t\t\t\t\t\ttarget=\"_blank\"\n\t\t\t\t\t\t\t\t\t\trel=\"noopener noreferrer nofollow noindex\"\n\t\t\t\t\t\t\t\t\t>\n\t\t\t\t\t\t\t\t\t\tOutlook Live\t\t\t\t\t\t\t\t\t<\/a>\n\t\t\t\t\t\t\t\t<\/li>\n\t\t\t\t\t\t\t\t\t\t\t\t\t<\/ul>\n\t\t\t\t\t<\/div>\n\t\t\t\t<\/div>\n\t\t\t<\/div>\n\t\t<\/div>\n\t<\/div>","protected":false},"excerpt":{"rendered":"<p>Festivalio atidarymo koncerte Alytaus kult\u016bros centro did\u017eiojoje sal\u0117je skamb\u0117s KAUNO MIESTO SIMFONINIS ORKESTRAS.20-me\u010dio sukakt\u012f minintis Kauno miesto simfoninis orkestras (KMSO) \u2013 neatsiejama Kauno ir \u0161alies kult\u016brinio gyvenimo dalis. Taip pat [&hellip;]<\/p>","protected":false},"author":2,"featured_media":1596,"template":"","meta":{"_EventAllDay":false,"_EventTimezone":"Europe\/Vilnius","_EventStartDate":"2025-06-01 18:00:00","_EventEndDate":"2025-06-01 19:00:00","_EventStartDateUTC":"2025-06-01 15:00:00","_EventEndDateUTC":"2025-06-01 16:00:00","_EventShowMap":false,"_EventShowMapLink":false,"_EventURL":"","_EventCost":"13,40","_EventCostDescription":"","_EventCurrencySymbol":"\u20ac","_EventCurrencyCode":"EUR","_EventCurrencyPosition":"prefix","_EventDateTimeSeparator":" @ ","_EventTimeRangeSeparator":" - ","_EventOrganizerID":[],"_EventVenueID":[],"_OrganizerEmail":"","_OrganizerPhone":"","_OrganizerWebsite":"","_VenueAddress":"","_VenueCity":"","_VenueCountry":"","_VenueProvince":"","_VenueState":"","_VenueZip":"","_VenuePhone":"","_VenueURL":"","_VenueStateProvince":"","_VenueLat":"","_VenueLng":"","_VenueShowMap":false,"_VenueShowMapLink":false,"_tribe_events_status":"","_tribe_events_status_reason":"","footnotes":""},"tags":[],"tribe_events_cat":[],"class_list":["post-1594","tribe_events","type-tribe_events","status-publish","has-post-thumbnail","hentry"],"blocksy_meta":[],"yoast_head":"<!-- This site is optimized with the Yoast SEO plugin v24.9 - https:\/\/yoast.com\/wordpress\/plugins\/seo\/ -->\n<title>FESTIVALIO ATIDARYMAS. Kauno miesto simfoninis orkestras - Dainavos festivalis<\/title>\n<meta name=\"robots\" content=\"index, follow, max-snippet:-1, max-image-preview:large, max-video-preview:-1\" \/>\n<link rel=\"canonical\" href=\"https:\/\/dainavafest.lt\/en\/renginiai\/festivalio-atidarymas-kauno-miesto-simfoninis-orkestras\/\" \/>\n<meta property=\"og:locale\" content=\"en_US\" \/>\n<meta property=\"og:type\" content=\"article\" \/>\n<meta property=\"og:title\" content=\"FESTIVALIO ATIDARYMAS. Kauno miesto simfoninis orkestras - Dainavos festivalis\" \/>\n<meta property=\"og:description\" content=\"Festivalio atidarymo koncerte Alytaus kult\u016bros centro did\u017eiojoje sal\u0117je skamb\u0117s KAUNO MIESTO SIMFONINIS ORKESTRAS.20-me\u010dio sukakt\u012f minintis Kauno miesto simfoninis orkestras (KMSO) \u2013 neatsiejama Kauno ir \u0161alies kult\u016brinio gyvenimo dalis. Taip pat [&hellip;]\" \/>\n<meta property=\"og:url\" content=\"https:\/\/dainavafest.lt\/en\/renginiai\/festivalio-atidarymas-kauno-miesto-simfoninis-orkestras\/\" \/>\n<meta property=\"og:site_name\" content=\"Dainavos festivalis\" \/>\n<meta property=\"article:modified_time\" content=\"2025-06-02T08:28:18+00:00\" \/>\n<meta property=\"og:image\" content=\"https:\/\/dainavafest.lt\/wp-content\/uploads\/2025\/05\/dmfs-baneris-ai.pdf-orkestras-1.jpg\" \/>\n\t<meta property=\"og:image:width\" content=\"1250\" \/>\n\t<meta property=\"og:image:height\" content=\"1250\" \/>\n\t<meta property=\"og:image:type\" content=\"image\/jpeg\" \/>\n<meta name=\"twitter:card\" content=\"summary_large_image\" \/>\n<meta name=\"twitter:label1\" content=\"Est. reading time\" \/>\n\t<meta name=\"twitter:data1\" content=\"2 minutes\" \/>\n<script type=\"application\/ld+json\" class=\"yoast-schema-graph\">{\"@context\":\"https:\/\/schema.org\",\"@graph\":[{\"@type\":\"WebPage\",\"@id\":\"https:\/\/dainavafest.lt\/renginiai\/festivalio-atidarymas-kauno-miesto-simfoninis-orkestras\/\",\"url\":\"https:\/\/dainavafest.lt\/renginiai\/festivalio-atidarymas-kauno-miesto-simfoninis-orkestras\/\",\"name\":\"FESTIVALIO ATIDARYMAS. Kauno miesto simfoninis orkestras - Dainavos festivalis\",\"isPartOf\":{\"@id\":\"https:\/\/dainavafest.lt\/#website\"},\"primaryImageOfPage\":{\"@id\":\"https:\/\/dainavafest.lt\/renginiai\/festivalio-atidarymas-kauno-miesto-simfoninis-orkestras\/#primaryimage\"},\"image\":{\"@id\":\"https:\/\/dainavafest.lt\/renginiai\/festivalio-atidarymas-kauno-miesto-simfoninis-orkestras\/#primaryimage\"},\"thumbnailUrl\":\"https:\/\/dainavafest.lt\/wp-content\/uploads\/2025\/05\/dmfs-baneris-ai.pdf-orkestras-1.jpg\",\"datePublished\":\"2025-05-14T13:16:46+00:00\",\"dateModified\":\"2025-06-02T08:28:18+00:00\",\"breadcrumb\":{\"@id\":\"https:\/\/dainavafest.lt\/renginiai\/festivalio-atidarymas-kauno-miesto-simfoninis-orkestras\/#breadcrumb\"},\"inLanguage\":\"en-US\",\"potentialAction\":[{\"@type\":\"ReadAction\",\"target\":[\"https:\/\/dainavafest.lt\/renginiai\/festivalio-atidarymas-kauno-miesto-simfoninis-orkestras\/\"]}]},{\"@type\":\"ImageObject\",\"inLanguage\":\"en-US\",\"@id\":\"https:\/\/dainavafest.lt\/renginiai\/festivalio-atidarymas-kauno-miesto-simfoninis-orkestras\/#primaryimage\",\"url\":\"https:\/\/dainavafest.lt\/wp-content\/uploads\/2025\/05\/dmfs-baneris-ai.pdf-orkestras-1.jpg\",\"contentUrl\":\"https:\/\/dainavafest.lt\/wp-content\/uploads\/2025\/05\/dmfs-baneris-ai.pdf-orkestras-1.jpg\",\"width\":1250,\"height\":1250},{\"@type\":\"BreadcrumbList\",\"@id\":\"https:\/\/dainavafest.lt\/renginiai\/festivalio-atidarymas-kauno-miesto-simfoninis-orkestras\/#breadcrumb\",\"itemListElement\":[{\"@type\":\"ListItem\",\"position\":1,\"name\":\"Home\",\"item\":\"https:\/\/dainavafest.lt\/\"},{\"@type\":\"ListItem\",\"position\":2,\"name\":\"Renginiai\",\"item\":\"https:\/\/dainavafest.lt\/renginiai\/\"},{\"@type\":\"ListItem\",\"position\":3,\"name\":\"FESTIVALIO ATIDARYMAS. Kauno miesto simfoninis orkestras\"}]},{\"@type\":\"WebSite\",\"@id\":\"https:\/\/dainavafest.lt\/#website\",\"url\":\"https:\/\/dainavafest.lt\/\",\"name\":\"Dainavos festivalis\",\"description\":\"Dainavos \u0161alies muzikos festivalis\",\"publisher\":{\"@id\":\"https:\/\/dainavafest.lt\/#organization\"},\"alternateName\":\"dainava fest, dainavos festivalis, dainava, dainavos \u0161alies muzikos festivalis 2024\",\"potentialAction\":[{\"@type\":\"SearchAction\",\"target\":{\"@type\":\"EntryPoint\",\"urlTemplate\":\"https:\/\/dainavafest.lt\/?s={search_term_string}\"},\"query-input\":{\"@type\":\"PropertyValueSpecification\",\"valueRequired\":true,\"valueName\":\"search_term_string\"}}],\"inLanguage\":\"en-US\"},{\"@type\":\"Organization\",\"@id\":\"https:\/\/dainavafest.lt\/#organization\",\"name\":\"Alytaus kult\u016bros centras\",\"alternateName\":\"AKC\",\"url\":\"https:\/\/dainavafest.lt\/\",\"logo\":{\"@type\":\"ImageObject\",\"inLanguage\":\"en-US\",\"@id\":\"https:\/\/dainavafest.lt\/#\/schema\/logo\/image\/\",\"url\":\"https:\/\/dainavafest.lt\/wp-content\/uploads\/2024\/05\/cropped-logo-festivalio1-e1715260345259.png\",\"contentUrl\":\"https:\/\/dainavafest.lt\/wp-content\/uploads\/2024\/05\/cropped-logo-festivalio1-e1715260345259.png\",\"width\":512,\"height\":512,\"caption\":\"Alytaus kult\u016bros centras\"},\"image\":{\"@id\":\"https:\/\/dainavafest.lt\/#\/schema\/logo\/image\/\"}}]}<\/script>\n<!-- \/ Yoast SEO plugin. -->","yoast_head_json":{"title":"FESTIVALIO ATIDARYMAS. Kauno miesto simfoninis orkestras - Dainavos festivalis","robots":{"index":"index","follow":"follow","max-snippet":"max-snippet:-1","max-image-preview":"max-image-preview:large","max-video-preview":"max-video-preview:-1"},"canonical":"https:\/\/dainavafest.lt\/en\/renginiai\/festivalio-atidarymas-kauno-miesto-simfoninis-orkestras\/","og_locale":"en_US","og_type":"article","og_title":"FESTIVALIO ATIDARYMAS. Kauno miesto simfoninis orkestras - Dainavos festivalis","og_description":"Festivalio atidarymo koncerte Alytaus kult\u016bros centro did\u017eiojoje sal\u0117je skamb\u0117s KAUNO MIESTO SIMFONINIS ORKESTRAS.20-me\u010dio sukakt\u012f minintis Kauno miesto simfoninis orkestras (KMSO) \u2013 neatsiejama Kauno ir \u0161alies kult\u016brinio gyvenimo dalis. Taip pat [&hellip;]","og_url":"https:\/\/dainavafest.lt\/en\/renginiai\/festivalio-atidarymas-kauno-miesto-simfoninis-orkestras\/","og_site_name":"Dainavos festivalis","article_modified_time":"2025-06-02T08:28:18+00:00","og_image":[{"width":1250,"height":1250,"url":"https:\/\/dainavafest.lt\/wp-content\/uploads\/2025\/05\/dmfs-baneris-ai.pdf-orkestras-1.jpg","type":"image\/jpeg"}],"twitter_card":"summary_large_image","twitter_misc":{"Est. reading time":"2 minutes"},"schema":{"@context":"https:\/\/schema.org","@graph":[{"@type":"WebPage","@id":"https:\/\/dainavafest.lt\/renginiai\/festivalio-atidarymas-kauno-miesto-simfoninis-orkestras\/","url":"https:\/\/dainavafest.lt\/renginiai\/festivalio-atidarymas-kauno-miesto-simfoninis-orkestras\/","name":"FESTIVALIO ATIDARYMAS. Kauno miesto simfoninis orkestras - Dainavos festivalis","isPartOf":{"@id":"https:\/\/dainavafest.lt\/#website"},"primaryImageOfPage":{"@id":"https:\/\/dainavafest.lt\/renginiai\/festivalio-atidarymas-kauno-miesto-simfoninis-orkestras\/#primaryimage"},"image":{"@id":"https:\/\/dainavafest.lt\/renginiai\/festivalio-atidarymas-kauno-miesto-simfoninis-orkestras\/#primaryimage"},"thumbnailUrl":"https:\/\/dainavafest.lt\/wp-content\/uploads\/2025\/05\/dmfs-baneris-ai.pdf-orkestras-1.jpg","datePublished":"2025-05-14T13:16:46+00:00","dateModified":"2025-06-02T08:28:18+00:00","breadcrumb":{"@id":"https:\/\/dainavafest.lt\/renginiai\/festivalio-atidarymas-kauno-miesto-simfoninis-orkestras\/#breadcrumb"},"inLanguage":"en-US","potentialAction":[{"@type":"ReadAction","target":["https:\/\/dainavafest.lt\/renginiai\/festivalio-atidarymas-kauno-miesto-simfoninis-orkestras\/"]}]},{"@type":"ImageObject","inLanguage":"en-US","@id":"https:\/\/dainavafest.lt\/renginiai\/festivalio-atidarymas-kauno-miesto-simfoninis-orkestras\/#primaryimage","url":"https:\/\/dainavafest.lt\/wp-content\/uploads\/2025\/05\/dmfs-baneris-ai.pdf-orkestras-1.jpg","contentUrl":"https:\/\/dainavafest.lt\/wp-content\/uploads\/2025\/05\/dmfs-baneris-ai.pdf-orkestras-1.jpg","width":1250,"height":1250},{"@type":"BreadcrumbList","@id":"https:\/\/dainavafest.lt\/renginiai\/festivalio-atidarymas-kauno-miesto-simfoninis-orkestras\/#breadcrumb","itemListElement":[{"@type":"ListItem","position":1,"name":"Home","item":"https:\/\/dainavafest.lt\/"},{"@type":"ListItem","position":2,"name":"Renginiai","item":"https:\/\/dainavafest.lt\/renginiai\/"},{"@type":"ListItem","position":3,"name":"FESTIVALIO ATIDARYMAS. Kauno miesto simfoninis orkestras"}]},{"@type":"WebSite","@id":"https:\/\/dainavafest.lt\/#website","url":"https:\/\/dainavafest.lt\/","name":"Dainavos festivalis","description":"Dainavos \u0161alies muzikos festivalis","publisher":{"@id":"https:\/\/dainavafest.lt\/#organization"},"alternateName":"dainava fest, dainavos festivalis, dainava, dainavos \u0161alies muzikos festivalis 2024","potentialAction":[{"@type":"SearchAction","target":{"@type":"EntryPoint","urlTemplate":"https:\/\/dainavafest.lt\/?s={search_term_string}"},"query-input":{"@type":"PropertyValueSpecification","valueRequired":true,"valueName":"search_term_string"}}],"inLanguage":"en-US"},{"@type":"Organization","@id":"https:\/\/dainavafest.lt\/#organization","name":"Alytaus kult\u016bros centras","alternateName":"AKC","url":"https:\/\/dainavafest.lt\/","logo":{"@type":"ImageObject","inLanguage":"en-US","@id":"https:\/\/dainavafest.lt\/#\/schema\/logo\/image\/","url":"https:\/\/dainavafest.lt\/wp-content\/uploads\/2024\/05\/cropped-logo-festivalio1-e1715260345259.png","contentUrl":"https:\/\/dainavafest.lt\/wp-content\/uploads\/2024\/05\/cropped-logo-festivalio1-e1715260345259.png","width":512,"height":512,"caption":"Alytaus kult\u016bros centras"},"image":{"@id":"https:\/\/dainavafest.lt\/#\/schema\/logo\/image\/"}}]}},"_links":{"self":[{"href":"https:\/\/dainavafest.lt\/en\/wp-json\/wp\/v2\/tribe_events\/1594"}],"collection":[{"href":"https:\/\/dainavafest.lt\/en\/wp-json\/wp\/v2\/tribe_events"}],"about":[{"href":"https:\/\/dainavafest.lt\/en\/wp-json\/wp\/v2\/types\/tribe_events"}],"author":[{"embeddable":true,"href":"https:\/\/dainavafest.lt\/en\/wp-json\/wp\/v2\/users\/2"}],"version-history":[{"count":5,"href":"https:\/\/dainavafest.lt\/en\/wp-json\/wp\/v2\/tribe_events\/1594\/revisions"}],"predecessor-version":[{"id":1634,"href":"https:\/\/dainavafest.lt\/en\/wp-json\/wp\/v2\/tribe_events\/1594\/revisions\/1634"}],"wp:featuredmedia":[{"embeddable":true,"href":"https:\/\/dainavafest.lt\/en\/wp-json\/wp\/v2\/media\/1596"}],"wp:attachment":[{"href":"https:\/\/dainavafest.lt\/en\/wp-json\/wp\/v2\/media?parent=1594"}],"wp:term":[{"taxonomy":"post_tag","embeddable":true,"href":"https:\/\/dainavafest.lt\/en\/wp-json\/wp\/v2\/tags?post=1594"},{"taxonomy":"tribe_events_cat","embeddable":true,"href":"https:\/\/dainavafest.lt\/en\/wp-json\/wp\/v2\/tribe_events_cat?post=1594"}],"curies":[{"name":"wp","href":"https:\/\/api.w.org\/{rel}","templated":true}]}}