{"id":440,"date":"2024-04-24T20:25:34","date_gmt":"2024-04-24T20:25:34","guid":{"rendered":"https:\/\/dainavafest.lt\/?page_id=440"},"modified":"2025-05-15T12:51:20","modified_gmt":"2025-05-15T09:51:20","slug":"apie","status":"publish","type":"page","link":"https:\/\/dainavafest.lt\/en\/apie\/","title":{"rendered":"About"},"content":{"rendered":"<hr class=\"wp-block-separator has-alpha-channel-opacity\"\/>\n\n\n\n<div style=\"height:10px\" aria-hidden=\"true\" class=\"wp-block-spacer\"><\/div>\n\n\n\n<figure class=\"wp-block-image aligncenter size-full\"><a href=\"https:\/\/dainavafest.lt\/en\/musu-istorija\/2023-metai\/\" target=\"_blank\" rel=\"noreferrer noopener\"><img loading=\"lazy\" decoding=\"async\" width=\"2458\" height=\"1062\" src=\"https:\/\/dainavafest.lt\/wp-content\/uploads\/2024\/04\/Birzelis-Dainavos-salies-muzikos-fest-e1713969602498.jpg\" alt=\"\" class=\"wp-image-42\" srcset=\"https:\/\/dainavafest.lt\/wp-content\/uploads\/2024\/04\/Birzelis-Dainavos-salies-muzikos-fest-e1713969602498.jpg 2458w, https:\/\/dainavafest.lt\/wp-content\/uploads\/2024\/04\/Birzelis-Dainavos-salies-muzikos-fest-e1713969602498-300x130.jpg 300w, https:\/\/dainavafest.lt\/wp-content\/uploads\/2024\/04\/Birzelis-Dainavos-salies-muzikos-fest-e1713969602498-1024x442.jpg 1024w, https:\/\/dainavafest.lt\/wp-content\/uploads\/2024\/04\/Birzelis-Dainavos-salies-muzikos-fest-e1713969602498-768x332.jpg 768w, https:\/\/dainavafest.lt\/wp-content\/uploads\/2024\/04\/Birzelis-Dainavos-salies-muzikos-fest-e1713969602498-1536x664.jpg 1536w, https:\/\/dainavafest.lt\/wp-content\/uploads\/2024\/04\/Birzelis-Dainavos-salies-muzikos-fest-e1713969602498-2048x885.jpg 2048w\" sizes=\"(max-width: 2458px) 100vw, 2458px\" \/><\/a><\/figure>\n\n\n<p style=\"text-align:justify\">\n<p class=\"has-medium-font-size\">Since 2002, the Dainava Country Music Festival is the only professional music festival in Alytus that brings together fans of professional music from all over Dz\u016bkija.\nEvery year, the international Dainava Country Music Festival invites you to discover Alytus residents who have become world stars and to enjoy a variety of classical music in different spaces of Alytus. The concert programme is like a gift to every Alytus resident or visitor - classical music virtuosos, cultural and musical education, exceptional personalities - all this is brought together in the Dainava Country professional music concert programme.<\/p>\n<\/p>\n\n\n<hr class=\"wp-block-separator has-alpha-channel-opacity\"\/>\n\n\n\n<h2 class=\"wp-block-heading has-text-align-center has-large-font-size\">Our team<\/h2>\n\n\n\n<div class=\"wp-block-columns are-vertically-aligned-center has-medium-font-size is-layout-flex wp-container-core-columns-is-layout-1 wp-block-columns-is-layout-flex\" style=\"padding-top:0;padding-right:0;padding-bottom:0;padding-left:0\">\n<div class=\"wp-block-column is-vertically-aligned-center has-medium-font-size is-layout-flow wp-block-column-is-layout-flow\">\n<figure class=\"wp-block-image size-full wp-duotone-grayscale\"><img loading=\"lazy\" decoding=\"async\" width=\"512\" height=\"512\" src=\"https:\/\/dainavafest.lt\/wp-content\/uploads\/2024\/05\/Vidas-Simanauskas-3.jpg\" alt=\"\" class=\"wp-image-1227\" srcset=\"https:\/\/dainavafest.lt\/wp-content\/uploads\/2024\/05\/Vidas-Simanauskas-3.jpg 512w, https:\/\/dainavafest.lt\/wp-content\/uploads\/2024\/05\/Vidas-Simanauskas-3-300x300.jpg 300w, https:\/\/dainavafest.lt\/wp-content\/uploads\/2024\/05\/Vidas-Simanauskas-3-150x150.jpg 150w, https:\/\/dainavafest.lt\/wp-content\/uploads\/2024\/05\/Vidas-Simanauskas-3-12x12.jpg 12w\" sizes=\"(max-width: 512px) 100vw, 512px\" \/><figcaption class=\"wp-element-caption\">Founder of the Festival<br><strong>Vidas Simanauskas<\/strong><\/figcaption><\/figure>\n<\/div>\n\n\n\n<div class=\"wp-block-column is-vertically-aligned-center has-xx-large-font-size is-layout-flow wp-block-column-is-layout-flow\">\n<figure class=\"wp-block-image size-full wp-duotone-grayscale\"><img loading=\"lazy\" decoding=\"async\" width=\"512\" height=\"512\" src=\"https:\/\/dainavafest.lt\/wp-content\/uploads\/2024\/05\/Klaudija-Aleksandraviciute-2.jpg\" alt=\"\" class=\"wp-image-1228\" srcset=\"https:\/\/dainavafest.lt\/wp-content\/uploads\/2024\/05\/Klaudija-Aleksandraviciute-2.jpg 512w, https:\/\/dainavafest.lt\/wp-content\/uploads\/2024\/05\/Klaudija-Aleksandraviciute-2-300x300.jpg 300w, https:\/\/dainavafest.lt\/wp-content\/uploads\/2024\/05\/Klaudija-Aleksandraviciute-2-150x150.jpg 150w, https:\/\/dainavafest.lt\/wp-content\/uploads\/2024\/05\/Klaudija-Aleksandraviciute-2-12x12.jpg 12w\" sizes=\"(max-width: 512px) 100vw, 512px\" \/><figcaption class=\"wp-element-caption\">Artistic director<br><strong>Klaudija Aleksandravi\u010di\u016bt\u0117<\/strong><\/figcaption><\/figure>\n<\/div>\n\n\n\n<div class=\"wp-block-column is-vertically-aligned-center is-layout-flow wp-block-column-is-layout-flow\">\n<figure class=\"wp-block-image size-full\"><img loading=\"lazy\" decoding=\"async\" width=\"512\" height=\"512\" src=\"https:\/\/dainavafest.lt\/wp-content\/uploads\/2024\/07\/Kristina-Daugeleviciene-1.jpg\" alt=\"\" class=\"wp-image-1576\" srcset=\"https:\/\/dainavafest.lt\/wp-content\/uploads\/2024\/07\/Kristina-Daugeleviciene-1.jpg 512w, https:\/\/dainavafest.lt\/wp-content\/uploads\/2024\/07\/Kristina-Daugeleviciene-1-300x300.jpg 300w, https:\/\/dainavafest.lt\/wp-content\/uploads\/2024\/07\/Kristina-Daugeleviciene-1-150x150.jpg 150w, https:\/\/dainavafest.lt\/wp-content\/uploads\/2024\/07\/Kristina-Daugeleviciene-1-12x12.jpg 12w\" sizes=\"(max-width: 512px) 100vw, 512px\" \/><figcaption class=\"wp-element-caption\">Alytaus miesto savivaldyb\u0117s mero pavaduotoja, <br>festivalio glob\u0117ja<br><strong>Kristina Daugelevi\u010dien\u0117<\/strong><\/figcaption><\/figure>\n<\/div>\n<\/div>\n\n\n\n<div class=\"wp-block-columns are-vertically-aligned-center has-medium-font-size is-layout-flex wp-container-core-columns-is-layout-2 wp-block-columns-is-layout-flex\" style=\"padding-right:0;padding-left:0\">\n<div class=\"wp-block-column is-vertically-aligned-center is-layout-flow wp-block-column-is-layout-flow\">\n<figure class=\"wp-block-image size-full\"><img loading=\"lazy\" decoding=\"async\" width=\"512\" height=\"512\" src=\"https:\/\/dainavafest.lt\/wp-content\/uploads\/2024\/05\/Iveta-Komiciute.jpg\" alt=\"\" class=\"wp-image-1231\" srcset=\"https:\/\/dainavafest.lt\/wp-content\/uploads\/2024\/05\/Iveta-Komiciute.jpg 512w, https:\/\/dainavafest.lt\/wp-content\/uploads\/2024\/05\/Iveta-Komiciute-300x300.jpg 300w, https:\/\/dainavafest.lt\/wp-content\/uploads\/2024\/05\/Iveta-Komiciute-150x150.jpg 150w, https:\/\/dainavafest.lt\/wp-content\/uploads\/2024\/05\/Iveta-Komiciute-12x12.jpg 12w\" sizes=\"(max-width: 512px) 100vw, 512px\" \/><figcaption class=\"wp-element-caption\">Komunikacijos vadybinink\u0117<br><strong>Iveta Komi\u010di\u016bt\u0117<\/strong><\/figcaption><\/figure>\n<\/div>\n\n\n\n<div class=\"wp-block-column is-vertically-aligned-center is-layout-flow wp-block-column-is-layout-flow\">\n<figure class=\"wp-block-image size-full wp-duotone-grayscale\"><img loading=\"lazy\" decoding=\"async\" width=\"512\" height=\"512\" src=\"https:\/\/dainavafest.lt\/wp-content\/uploads\/2024\/05\/Jurgita-Kricenaite.jpg\" alt=\"\" class=\"wp-image-1233\" srcset=\"https:\/\/dainavafest.lt\/wp-content\/uploads\/2024\/05\/Jurgita-Kricenaite.jpg 512w, https:\/\/dainavafest.lt\/wp-content\/uploads\/2024\/05\/Jurgita-Kricenaite-300x300.jpg 300w, https:\/\/dainavafest.lt\/wp-content\/uploads\/2024\/05\/Jurgita-Kricenaite-150x150.jpg 150w, https:\/\/dainavafest.lt\/wp-content\/uploads\/2024\/05\/Jurgita-Kricenaite-12x12.jpg 12w\" sizes=\"(max-width: 512px) 100vw, 512px\" \/><figcaption class=\"wp-element-caption\">Partnerships curator<br><strong>Jurgita Kri\u010denait\u0117<\/strong><\/figcaption><\/figure>\n<\/div>\n\n\n\n<div class=\"wp-block-column is-vertically-aligned-center is-layout-flow wp-block-column-is-layout-flow\">\n<figure class=\"wp-block-image size-full wp-duotone-grayscale\"><img loading=\"lazy\" decoding=\"async\" width=\"512\" height=\"512\" src=\"https:\/\/dainavafest.lt\/wp-content\/uploads\/2024\/05\/Asta-Baliuniene.jpg\" alt=\"\" class=\"wp-image-1234\" srcset=\"https:\/\/dainavafest.lt\/wp-content\/uploads\/2024\/05\/Asta-Baliuniene.jpg 512w, https:\/\/dainavafest.lt\/wp-content\/uploads\/2024\/05\/Asta-Baliuniene-300x300.jpg 300w, https:\/\/dainavafest.lt\/wp-content\/uploads\/2024\/05\/Asta-Baliuniene-150x150.jpg 150w, https:\/\/dainavafest.lt\/wp-content\/uploads\/2024\/05\/Asta-Baliuniene-12x12.jpg 12w\" sizes=\"(max-width: 512px) 100vw, 512px\" \/><figcaption class=\"wp-element-caption\">Financial Manager<br><strong>Asta Bali\u016bnien\u0117<\/strong><\/figcaption><\/figure>\n<\/div>\n<\/div>\n\n\n\n<div class=\"wp-block-columns are-vertically-aligned-center has-medium-font-size is-layout-flex wp-container-core-columns-is-layout-3 wp-block-columns-is-layout-flex\" style=\"padding-right:0;padding-left:0\">\n<div class=\"wp-block-column is-vertically-aligned-center is-layout-flow wp-block-column-is-layout-flow\">\n<figure class=\"wp-block-image aligncenter size-full is-resized wp-duotone-grayscale\"><img loading=\"lazy\" decoding=\"async\" width=\"627\" height=\"692\" src=\"https:\/\/dainavafest.lt\/wp-content\/uploads\/2025\/05\/Ruta.png\" alt=\"\" class=\"wp-image-1603\" style=\"width:354px;height:auto\" srcset=\"https:\/\/dainavafest.lt\/wp-content\/uploads\/2025\/05\/Ruta.png 627w, https:\/\/dainavafest.lt\/wp-content\/uploads\/2025\/05\/Ruta-272x300.png 272w, https:\/\/dainavafest.lt\/wp-content\/uploads\/2025\/05\/Ruta-11x12.png 11w\" sizes=\"(max-width: 627px) 100vw, 627px\" \/><figcaption class=\"wp-element-caption\">Rengini\u0173 koordinator\u0117<br><strong>R\u016bta Kavolynien\u0117<\/strong><\/figcaption><\/figure>\n<\/div>\n\n\n\n<div class=\"wp-block-column is-vertically-aligned-center is-layout-flow wp-container-core-column-is-layout-8 wp-block-column-is-layout-flow\" style=\"padding-top:0;padding-right:0;padding-bottom:0;padding-left:0\">\n<figure class=\"wp-block-image size-full wp-duotone-grayscale\"><img loading=\"lazy\" decoding=\"async\" width=\"512\" height=\"512\" src=\"https:\/\/dainavafest.lt\/wp-content\/uploads\/2024\/05\/Raimondas-Abromavicius-1.jpg\" alt=\"\" class=\"wp-image-1239\" srcset=\"https:\/\/dainavafest.lt\/wp-content\/uploads\/2024\/05\/Raimondas-Abromavicius-1.jpg 512w, https:\/\/dainavafest.lt\/wp-content\/uploads\/2024\/05\/Raimondas-Abromavicius-1-300x300.jpg 300w, https:\/\/dainavafest.lt\/wp-content\/uploads\/2024\/05\/Raimondas-Abromavicius-1-150x150.jpg 150w, https:\/\/dainavafest.lt\/wp-content\/uploads\/2024\/05\/Raimondas-Abromavicius-1-12x12.jpg 12w\" sizes=\"(max-width: 512px) 100vw, 512px\" \/><figcaption class=\"wp-element-caption\">Technical Director<br><strong>Raimundas Abromavi\u010dius<\/strong><\/figcaption><\/figure>\n<\/div>\n\n\n\n<div class=\"wp-block-column is-vertically-aligned-center is-layout-flow wp-block-column-is-layout-flow\">\n<figure class=\"wp-block-image size-full wp-duotone-grayscale\"><img loading=\"lazy\" decoding=\"async\" width=\"512\" height=\"512\" src=\"https:\/\/dainavafest.lt\/wp-content\/uploads\/2024\/05\/Gytis-3.jpg\" alt=\"\" class=\"wp-image-1237\" srcset=\"https:\/\/dainavafest.lt\/wp-content\/uploads\/2024\/05\/Gytis-3.jpg 512w, https:\/\/dainavafest.lt\/wp-content\/uploads\/2024\/05\/Gytis-3-300x300.jpg 300w, https:\/\/dainavafest.lt\/wp-content\/uploads\/2024\/05\/Gytis-3-150x150.jpg 150w, https:\/\/dainavafest.lt\/wp-content\/uploads\/2024\/05\/Gytis-3-12x12.jpg 12w\" sizes=\"(max-width: 512px) 100vw, 512px\" \/><figcaption class=\"wp-element-caption\">Web Developer<br><strong>Gytis Radi\u0161auskas<\/strong><\/figcaption><\/figure>\n<\/div>\n<\/div>\n\n\n\n<hr class=\"wp-block-separator has-alpha-channel-opacity\"\/>","protected":false},"excerpt":{"rendered":"<p>Nuo 2002 m.organizuojamas Dainavos \u0161alies muzikos festivalis yra vienintelis profesionaliosios muzikos festivalis Alytuje, buriantis visos Dz\u016bkijos profesionaliosios muzikos gerb\u0117jus. Alytuje organizuojamas tarptautinis Dainavos \u0161alies muzikos festivalis kasmet kvie\u010dia atrasti pasaulin\u0117mis [&hellip;]<\/p>","protected":false},"author":1,"featured_media":0,"parent":0,"menu_order":0,"comment_status":"closed","ping_status":"closed","template":"","meta":{"_EventAllDay":false,"_EventTimezone":"","_EventStartDate":"","_EventEndDate":"","_EventStartDateUTC":"","_EventEndDateUTC":"","_EventShowMap":false,"_EventShowMapLink":false,"_EventURL":"","_EventCost":"","_EventCostDescription":"","_EventCurrencySymbol":"","_EventCurrencyCode":"","_EventCurrencyPosition":"","_EventDateTimeSeparator":"","_EventTimeRangeSeparator":"","_EventOrganizerID":[],"_EventVenueID":[],"_OrganizerEmail":"","_OrganizerPhone":"","_OrganizerWebsite":"","_VenueAddress":"","_VenueCity":"","_VenueCountry":"","_VenueProvince":"","_VenueState":"","_VenueZip":"","_VenuePhone":"","_VenueURL":"","_VenueStateProvince":"","_VenueLat":"","_VenueLng":"","_VenueShowMap":false,"_VenueShowMapLink":false,"footnotes":"[]"},"class_list":["post-440","page","type-page","status-publish","hentry"],"blocksy_meta":{"page_structure_type":"type-4","styles_descriptor":{"styles":{"desktop":"[data-prefix=\"single_page\"] [class*=\"ct-container\"] > article[class*=\"post\"] {--has-boxed:var(--true);--has-wide:var(--false);background-color:var(--has-background, var(--theme-palette-color-8));--theme-boxed-content-border-radius:3px;--theme-boxed-content-spacing:40px;--theme-boxed-content-box-shadow:0px 12px 18px -6px rgba(34, 56, 101, 0.04);}","tablet":"[data-prefix=\"single_page\"] [class*=\"ct-container\"] > article[class*=\"post\"] {--theme-boxed-content-spacing:35px;}","mobile":"[data-prefix=\"single_page\"] [class*=\"ct-container\"] > article[class*=\"post\"] {--theme-boxed-content-spacing:20px;}"},"google_fonts":[],"version":6},"content_style_source":"custom","content_style":{"desktop":"boxed","tablet":"boxed","mobile":"boxed"}},"yoast_head":"<!-- This site is optimized with the Yoast SEO plugin v24.9 - https:\/\/yoast.com\/wordpress\/plugins\/seo\/ -->\n<title>Apie - Dainavos festivalis<\/title>\n<meta name=\"robots\" content=\"index, follow, max-snippet:-1, max-image-preview:large, max-video-preview:-1\" \/>\n<link rel=\"canonical\" href=\"https:\/\/dainavafest.lt\/en\/apie\/\" \/>\n<meta property=\"og:locale\" content=\"en_US\" \/>\n<meta property=\"og:type\" content=\"article\" \/>\n<meta property=\"og:title\" content=\"Apie - Dainavos festivalis\" \/>\n<meta property=\"og:description\" content=\"Nuo 2002 m.organizuojamas Dainavos \u0161alies muzikos festivalis yra vienintelis profesionaliosios muzikos festivalis Alytuje, buriantis visos Dz\u016bkijos profesionaliosios muzikos gerb\u0117jus. Alytuje organizuojamas tarptautinis Dainavos \u0161alies muzikos festivalis kasmet kvie\u010dia atrasti pasaulin\u0117mis [&hellip;]\" \/>\n<meta property=\"og:url\" content=\"https:\/\/dainavafest.lt\/en\/apie\/\" \/>\n<meta property=\"og:site_name\" content=\"Dainavos festivalis\" \/>\n<meta property=\"article:modified_time\" content=\"2025-05-15T09:51:20+00:00\" \/>\n<meta property=\"og:image\" content=\"https:\/\/dainavafest.lt\/wp-content\/uploads\/2024\/04\/Birzelis-Dainavos-salies-muzikos-fest-e1713969602498.jpg\" \/>\n\t<meta property=\"og:image:width\" content=\"2458\" \/>\n\t<meta property=\"og:image:height\" content=\"1062\" \/>\n\t<meta property=\"og:image:type\" content=\"image\/jpeg\" \/>\n<meta name=\"twitter:card\" content=\"summary_large_image\" \/>\n<meta name=\"twitter:label1\" content=\"Est. reading time\" \/>\n\t<meta name=\"twitter:data1\" content=\"3 minutes\" \/>\n<script type=\"application\/ld+json\" class=\"yoast-schema-graph\">{\"@context\":\"https:\/\/schema.org\",\"@graph\":[{\"@type\":\"WebPage\",\"@id\":\"https:\/\/dainavafest.lt\/apie\/\",\"url\":\"https:\/\/dainavafest.lt\/apie\/\",\"name\":\"Apie - Dainavos festivalis\",\"isPartOf\":{\"@id\":\"https:\/\/dainavafest.lt\/#website\"},\"primaryImageOfPage\":{\"@id\":\"https:\/\/dainavafest.lt\/apie\/#primaryimage\"},\"image\":{\"@id\":\"https:\/\/dainavafest.lt\/apie\/#primaryimage\"},\"thumbnailUrl\":\"https:\/\/dainavafest.lt\/wp-content\/uploads\/2024\/04\/Birzelis-Dainavos-salies-muzikos-fest-e1713969602498.jpg\",\"datePublished\":\"2024-04-24T20:25:34+00:00\",\"dateModified\":\"2025-05-15T09:51:20+00:00\",\"breadcrumb\":{\"@id\":\"https:\/\/dainavafest.lt\/apie\/#breadcrumb\"},\"inLanguage\":\"en-US\",\"potentialAction\":[{\"@type\":\"ReadAction\",\"target\":[\"https:\/\/dainavafest.lt\/apie\/\"]}]},{\"@type\":\"ImageObject\",\"inLanguage\":\"en-US\",\"@id\":\"https:\/\/dainavafest.lt\/apie\/#primaryimage\",\"url\":\"https:\/\/dainavafest.lt\/wp-content\/uploads\/2024\/04\/Birzelis-Dainavos-salies-muzikos-fest-e1713969602498.jpg\",\"contentUrl\":\"https:\/\/dainavafest.lt\/wp-content\/uploads\/2024\/04\/Birzelis-Dainavos-salies-muzikos-fest-e1713969602498.jpg\"},{\"@type\":\"BreadcrumbList\",\"@id\":\"https:\/\/dainavafest.lt\/apie\/#breadcrumb\",\"itemListElement\":[{\"@type\":\"ListItem\",\"position\":1,\"name\":\"Home\",\"item\":\"https:\/\/dainavafest.lt\/\"},{\"@type\":\"ListItem\",\"position\":2,\"name\":\"Apie\"}]},{\"@type\":\"WebSite\",\"@id\":\"https:\/\/dainavafest.lt\/#website\",\"url\":\"https:\/\/dainavafest.lt\/\",\"name\":\"Dainavos festivalis\",\"description\":\"Dainavos \u0161alies muzikos festivalis\",\"publisher\":{\"@id\":\"https:\/\/dainavafest.lt\/#organization\"},\"alternateName\":\"dainava fest, dainavos festivalis, dainava, dainavos \u0161alies muzikos festivalis 2024\",\"potentialAction\":[{\"@type\":\"SearchAction\",\"target\":{\"@type\":\"EntryPoint\",\"urlTemplate\":\"https:\/\/dainavafest.lt\/?s={search_term_string}\"},\"query-input\":{\"@type\":\"PropertyValueSpecification\",\"valueRequired\":true,\"valueName\":\"search_term_string\"}}],\"inLanguage\":\"en-US\"},{\"@type\":\"Organization\",\"@id\":\"https:\/\/dainavafest.lt\/#organization\",\"name\":\"Alytaus kult\u016bros centras\",\"alternateName\":\"AKC\",\"url\":\"https:\/\/dainavafest.lt\/\",\"logo\":{\"@type\":\"ImageObject\",\"inLanguage\":\"en-US\",\"@id\":\"https:\/\/dainavafest.lt\/#\/schema\/logo\/image\/\",\"url\":\"https:\/\/dainavafest.lt\/wp-content\/uploads\/2024\/05\/cropped-logo-festivalio1-e1715260345259.png\",\"contentUrl\":\"https:\/\/dainavafest.lt\/wp-content\/uploads\/2024\/05\/cropped-logo-festivalio1-e1715260345259.png\",\"width\":512,\"height\":512,\"caption\":\"Alytaus kult\u016bros centras\"},\"image\":{\"@id\":\"https:\/\/dainavafest.lt\/#\/schema\/logo\/image\/\"}}]}<\/script>\n<!-- \/ Yoast SEO plugin. -->","yoast_head_json":{"title":"Apie - Dainavos festivalis","robots":{"index":"index","follow":"follow","max-snippet":"max-snippet:-1","max-image-preview":"max-image-preview:large","max-video-preview":"max-video-preview:-1"},"canonical":"https:\/\/dainavafest.lt\/en\/apie\/","og_locale":"en_US","og_type":"article","og_title":"Apie - Dainavos festivalis","og_description":"Nuo 2002 m.organizuojamas Dainavos \u0161alies muzikos festivalis yra vienintelis profesionaliosios muzikos festivalis Alytuje, buriantis visos Dz\u016bkijos profesionaliosios muzikos gerb\u0117jus. Alytuje organizuojamas tarptautinis Dainavos \u0161alies muzikos festivalis kasmet kvie\u010dia atrasti pasaulin\u0117mis [&hellip;]","og_url":"https:\/\/dainavafest.lt\/en\/apie\/","og_site_name":"Dainavos festivalis","article_modified_time":"2025-05-15T09:51:20+00:00","og_image":[{"width":2458,"height":1062,"url":"https:\/\/dainavafest.lt\/wp-content\/uploads\/2024\/04\/Birzelis-Dainavos-salies-muzikos-fest-e1713969602498.jpg","type":"image\/jpeg"}],"twitter_card":"summary_large_image","twitter_misc":{"Est. reading time":"3 minutes"},"schema":{"@context":"https:\/\/schema.org","@graph":[{"@type":"WebPage","@id":"https:\/\/dainavafest.lt\/apie\/","url":"https:\/\/dainavafest.lt\/apie\/","name":"Apie - Dainavos festivalis","isPartOf":{"@id":"https:\/\/dainavafest.lt\/#website"},"primaryImageOfPage":{"@id":"https:\/\/dainavafest.lt\/apie\/#primaryimage"},"image":{"@id":"https:\/\/dainavafest.lt\/apie\/#primaryimage"},"thumbnailUrl":"https:\/\/dainavafest.lt\/wp-content\/uploads\/2024\/04\/Birzelis-Dainavos-salies-muzikos-fest-e1713969602498.jpg","datePublished":"2024-04-24T20:25:34+00:00","dateModified":"2025-05-15T09:51:20+00:00","breadcrumb":{"@id":"https:\/\/dainavafest.lt\/apie\/#breadcrumb"},"inLanguage":"en-US","potentialAction":[{"@type":"ReadAction","target":["https:\/\/dainavafest.lt\/apie\/"]}]},{"@type":"ImageObject","inLanguage":"en-US","@id":"https:\/\/dainavafest.lt\/apie\/#primaryimage","url":"https:\/\/dainavafest.lt\/wp-content\/uploads\/2024\/04\/Birzelis-Dainavos-salies-muzikos-fest-e1713969602498.jpg","contentUrl":"https:\/\/dainavafest.lt\/wp-content\/uploads\/2024\/04\/Birzelis-Dainavos-salies-muzikos-fest-e1713969602498.jpg"},{"@type":"BreadcrumbList","@id":"https:\/\/dainavafest.lt\/apie\/#breadcrumb","itemListElement":[{"@type":"ListItem","position":1,"name":"Home","item":"https:\/\/dainavafest.lt\/"},{"@type":"ListItem","position":2,"name":"Apie"}]},{"@type":"WebSite","@id":"https:\/\/dainavafest.lt\/#website","url":"https:\/\/dainavafest.lt\/","name":"Dainavos festivalis","description":"Dainavos \u0161alies muzikos festivalis","publisher":{"@id":"https:\/\/dainavafest.lt\/#organization"},"alternateName":"dainava fest, dainavos festivalis, dainava, dainavos \u0161alies muzikos festivalis 2024","potentialAction":[{"@type":"SearchAction","target":{"@type":"EntryPoint","urlTemplate":"https:\/\/dainavafest.lt\/?s={search_term_string}"},"query-input":{"@type":"PropertyValueSpecification","valueRequired":true,"valueName":"search_term_string"}}],"inLanguage":"en-US"},{"@type":"Organization","@id":"https:\/\/dainavafest.lt\/#organization","name":"Alytaus kult\u016bros centras","alternateName":"AKC","url":"https:\/\/dainavafest.lt\/","logo":{"@type":"ImageObject","inLanguage":"en-US","@id":"https:\/\/dainavafest.lt\/#\/schema\/logo\/image\/","url":"https:\/\/dainavafest.lt\/wp-content\/uploads\/2024\/05\/cropped-logo-festivalio1-e1715260345259.png","contentUrl":"https:\/\/dainavafest.lt\/wp-content\/uploads\/2024\/05\/cropped-logo-festivalio1-e1715260345259.png","width":512,"height":512,"caption":"Alytaus kult\u016bros centras"},"image":{"@id":"https:\/\/dainavafest.lt\/#\/schema\/logo\/image\/"}}]}},"_links":{"self":[{"href":"https:\/\/dainavafest.lt\/en\/wp-json\/wp\/v2\/pages\/440"}],"collection":[{"href":"https:\/\/dainavafest.lt\/en\/wp-json\/wp\/v2\/pages"}],"about":[{"href":"https:\/\/dainavafest.lt\/en\/wp-json\/wp\/v2\/types\/page"}],"author":[{"embeddable":true,"href":"https:\/\/dainavafest.lt\/en\/wp-json\/wp\/v2\/users\/1"}],"replies":[{"embeddable":true,"href":"https:\/\/dainavafest.lt\/en\/wp-json\/wp\/v2\/comments?post=440"}],"version-history":[{"count":82,"href":"https:\/\/dainavafest.lt\/en\/wp-json\/wp\/v2\/pages\/440\/revisions"}],"predecessor-version":[{"id":1605,"href":"https:\/\/dainavafest.lt\/en\/wp-json\/wp\/v2\/pages\/440\/revisions\/1605"}],"wp:attachment":[{"href":"https:\/\/dainavafest.lt\/en\/wp-json\/wp\/v2\/media?parent=440"}],"curies":[{"name":"wp","href":"https:\/\/api.w.org\/{rel}","templated":true}]}}